{"id":892,"date":"2020-12-08T11:53:09","date_gmt":"2020-12-08T10:53:09","guid":{"rendered":"http:\/\/www.ceisreggio.it\/?page_id=892"},"modified":"2025-07-14T11:10:38","modified_gmt":"2025-07-14T09:10:38","slug":"casa-san-pellegrino","status":"publish","type":"page","link":"https:\/\/www.solidarieta.re.it\/index.php\/casa-san-pellegrino\/","title":{"rendered":"Casa Anziani &#8220;Casa San Pellegrino&#8221;"},"content":{"rendered":"\n<p>La Casa \u00e8 nata nel 1986 per volont\u00e0 di <strong>don Angelo Cocconcelli<\/strong> e dell\u2019intera comunit\u00e0 parrocchiale di <strong>San Pellegrino<\/strong>. La Casa aderisce alla <strong>Fe.Di.S.A. <\/strong>(Federazione Diocesana Servizi agli Anziani), associazione costituita dalle parrocchie che promuovono servizi socioassistenziali a persone in stato di bisogno, con il favore della Diocesi di Reggio Emilia-Guastalla e la collaborazione dell\u2019Unione Provinciale delle Cooperative.<\/p>\n\n\n\n<p><strong>Valori ispiratori<\/strong><\/p>\n\n\n\n<ul><li>Il servizio \u00e8 senza scopi di lucro o speculazione privata<\/li><li>La natura religiosa del servizio come esperienza di fede nella carit\u00e0, pienamente inserita nella comunit\u00e0 parrocchiale.<\/li><li>Il diritto alla salute, alla casa, ed alla realizzazione della personalit\u00e0 di ogni uomo in tutte le fasi della vita; il valore della relazione dell\u2019anziano con la propria famiglia e la propria comunit\u00e0 ;<\/li><li>Il lavoro socio-sanitario degli operatori come esperienza globale della persona, attraverso relazioni di dialogo, umanit\u00e0 e reciproco ascolto;<\/li><li>La consonanza operativa e motivazionale di tutti coloro che operano all\u2019interno del servizio.<\/li><\/ul>\n\n\n\n<figure class=\"wp-block-gallery columns-3 is-cropped\"><ul class=\"blocks-gallery-grid\"><li class=\"blocks-gallery-item\"><figure><img loading=\"lazy\" width=\"1024\" height=\"768\" src=\"https:\/\/www.ceisreggio.it\/wp-content\/uploads\/2020\/12\/IMG-6231-1024x768.jpg\" alt=\"\" data-id=\"1044\" data-full-url=\"https:\/\/www.ceisreggio.it\/wp-content\/uploads\/2020\/12\/IMG-6231-scaled.jpg\" data-link=\"https:\/\/www.ceisreggio.it\/index.php\/casa-san-pellegrino\/img-6231\/\" class=\"wp-image-1044\" srcset=\"https:\/\/www.solidarieta.re.it\/wp-content\/uploads\/2020\/12\/IMG-6231-1024x768.jpg 1024w, https:\/\/www.solidarieta.re.it\/wp-content\/uploads\/2020\/12\/IMG-6231-300x225.jpg 300w, https:\/\/www.solidarieta.re.it\/wp-content\/uploads\/2020\/12\/IMG-6231-768x576.jpg 768w, https:\/\/www.solidarieta.re.it\/wp-content\/uploads\/2020\/12\/IMG-6231-1536x1152.jpg 1536w, https:\/\/www.solidarieta.re.it\/wp-content\/uploads\/2020\/12\/IMG-6231-2048x1536.jpg 2048w\" sizes=\"(max-width: 1024px) 100vw, 1024px\" \/><\/figure><\/li><li class=\"blocks-gallery-item\"><figure><img loading=\"lazy\" width=\"1024\" height=\"768\" src=\"https:\/\/www.ceisreggio.it\/wp-content\/uploads\/2020\/12\/IMG-6232-1024x768.jpg\" alt=\"\" data-id=\"1045\" data-full-url=\"https:\/\/www.ceisreggio.it\/wp-content\/uploads\/2020\/12\/IMG-6232-scaled.jpg\" data-link=\"https:\/\/www.ceisreggio.it\/index.php\/casa-san-pellegrino\/img-6232\/\" class=\"wp-image-1045\" srcset=\"https:\/\/www.solidarieta.re.it\/wp-content\/uploads\/2020\/12\/IMG-6232-1024x768.jpg 1024w, https:\/\/www.solidarieta.re.it\/wp-content\/uploads\/2020\/12\/IMG-6232-300x225.jpg 300w, https:\/\/www.solidarieta.re.it\/wp-content\/uploads\/2020\/12\/IMG-6232-768x576.jpg 768w, https:\/\/www.solidarieta.re.it\/wp-content\/uploads\/2020\/12\/IMG-6232-1536x1152.jpg 1536w, https:\/\/www.solidarieta.re.it\/wp-content\/uploads\/2020\/12\/IMG-6232-2048x1536.jpg 2048w\" sizes=\"(max-width: 1024px) 100vw, 1024px\" \/><\/figure><\/li><li class=\"blocks-gallery-item\"><figure><img loading=\"lazy\" width=\"1024\" height=\"768\" src=\"https:\/\/www.ceisreggio.it\/wp-content\/uploads\/2020\/12\/IMG-6236-1024x768.jpg\" alt=\"\" data-id=\"1046\" data-full-url=\"https:\/\/www.ceisreggio.it\/wp-content\/uploads\/2020\/12\/IMG-6236-scaled.jpg\" data-link=\"https:\/\/www.ceisreggio.it\/index.php\/casa-san-pellegrino\/img-6236\/\" class=\"wp-image-1046\" srcset=\"https:\/\/www.solidarieta.re.it\/wp-content\/uploads\/2020\/12\/IMG-6236-1024x768.jpg 1024w, https:\/\/www.solidarieta.re.it\/wp-content\/uploads\/2020\/12\/IMG-6236-300x225.jpg 300w, https:\/\/www.solidarieta.re.it\/wp-content\/uploads\/2020\/12\/IMG-6236-768x576.jpg 768w, https:\/\/www.solidarieta.re.it\/wp-content\/uploads\/2020\/12\/IMG-6236-1536x1152.jpg 1536w, https:\/\/www.solidarieta.re.it\/wp-content\/uploads\/2020\/12\/IMG-6236-2048x1536.jpg 2048w\" sizes=\"(max-width: 1024px) 100vw, 1024px\" \/><\/figure><\/li><\/ul><\/figure>\n\n\n\n<p><strong>Servizi erogati<\/strong><\/p>\n\n\n\n<p>La Casa \u00e8 una Casa di Riposo come previsto dalla direttiva regionale n\u00b0564\/2000. E\u2019 quindi una struttura socio-assistenziale residenziale autorizzata ad ospitare anziani autosufficienti e non autosufficienti di grado lieve. Ha inoltre quattro posti di Centro Diurno. Eroga i seguenti servizi: Servizio di assistenza diurno e notturno; Servizio di assistenza sanitaria e fisioterapia (presenza di infermiere professionali); Servizi religiosi (messa, rosario, ecc.); Servizio di animazione; Servizi alberghieri (ristorazione, pulizie, lavanderia); Servizi generali (parrucchiera, podologo).<\/p>\n\n\n\n<p>La Casa \u00e8 dotata di 43 posti letto (31 posti per Casa di Riposo; 12 di CRA).<\/p>\n\n\n\n<p>La struttura dispone di n. 30 camere, n. 17 singole con bagno ogni due camere e n.13 doppie con bagno in camera, dotate di doccia. Sono presenti inoltre due bagni attrezzati per ospiti non autosufficienti.<\/p>\n\n\n\n<p>Il personale \u00e8 costituito da: Coordinatore responsabile, Coordinatore infermieristico, Animatrice, Infermiere professionali, Fisioterapista, Podologo, Parrucchiera, OSS (attivit\u00e0 assistenziali diurne e notturne), Addetti al servizio alberghiero (lavanderia, pulizia, preparazione pasti), Volontari.&nbsp;<\/p>\n\n\n\n<p><strong>Informazioni<\/strong><\/p>\n\n\n\n<p>Casa San Pellegrino \u2013 Pensionato Anziani \u00a0\u2013 via Rousseau 2\/1 Reggio Emilia tel 0522-285464. Fax.0522-376153\u00a0\u00a0 <a href=\"mailto:casasanpellegrino@solidarieta.re.it\">casasanpellegrino@solidarieta.re.it<\/a><\/p>\n\n\n\n<p>La Direzione \u00e8 a disposizione del pubblico dalle ore 8,00 alle ore 14,00 dal luned\u00ec al venerd\u00ec.<\/p>\n","protected":false},"excerpt":{"rendered":"<p>La Casa \u00e8 nata nel 1986 per volont\u00e0 di don Angelo Cocconcelli e dell\u2019intera comunit\u00e0 parrocchiale di San Pellegrino. La Casa aderisce alla Fe.Di.S.A. (Federazione Diocesana Servizi agli Anziani), associazione costituita dalle parrocchie che promuovono servizi socioassistenziali a persone in stato di bisogno, con il favore della Diocesi di Reggio Emilia-Guastalla e la collaborazione dell\u2019Unione [&hellip;]<\/p>\n","protected":false},"author":3,"featured_media":0,"parent":0,"menu_order":0,"comment_status":"closed","ping_status":"closed","template":"","meta":[],"_links":{"self":[{"href":"https:\/\/www.solidarieta.re.it\/index.php\/wp-json\/wp\/v2\/pages\/892"}],"collection":[{"href":"https:\/\/www.solidarieta.re.it\/index.php\/wp-json\/wp\/v2\/pages"}],"about":[{"href":"https:\/\/www.solidarieta.re.it\/index.php\/wp-json\/wp\/v2\/types\/page"}],"author":[{"embeddable":true,"href":"https:\/\/www.solidarieta.re.it\/index.php\/wp-json\/wp\/v2\/users\/3"}],"replies":[{"embeddable":true,"href":"https:\/\/www.solidarieta.re.it\/index.php\/wp-json\/wp\/v2\/comments?post=892"}],"version-history":[{"count":7,"href":"https:\/\/www.solidarieta.re.it\/index.php\/wp-json\/wp\/v2\/pages\/892\/revisions"}],"predecessor-version":[{"id":3606,"href":"https:\/\/www.solidarieta.re.it\/index.php\/wp-json\/wp\/v2\/pages\/892\/revisions\/3606"}],"wp:attachment":[{"href":"https:\/\/www.solidarieta.re.it\/index.php\/wp-json\/wp\/v2\/media?parent=892"}],"curies":[{"name":"wp","href":"https:\/\/api.w.org\/{rel}","templated":true}]}}