{"id":274,"date":"2020-11-30T07:48:22","date_gmt":"2020-11-30T06:48:22","guid":{"rendered":"http:\/\/www.ceisreggio.it\/?page_id=274"},"modified":"2021-06-28T20:54:38","modified_gmt":"2021-06-28T18:54:38","slug":"eventi","status":"publish","type":"page","link":"https:\/\/www.solidarieta.re.it\/index.php\/eventi\/","title":{"rendered":"Eventi"},"content":{"rendered":"\n<h4><strong>Il Prefetto Iolanda Rolli in visita al nostro Centro<\/strong><\/h4>\n\n\n\n<p>Alla vigilia della Giornata Internazionale contro l\u2019abuso e il traffico illecito di droga, promossa dall\u2019ONU, Il Prefetto di Reggio Emilia Dott.ssa Iolanda Rolli ha visitato il nostro Centro esprimendo particolare attenzione per i progetti legati alla tossicodipendenza, e al recupero degli ospiti e delle relazioni famigliari.<\/p>\n\n\n\n<p>Il Centro \u00e8 il luogo dell\u2019incontro dei bisogni di tutta la famiglia, il luogo dove si cerca di accogliere le richieste di aiuto e condividere un percorso per superare le molteplici difficolt\u00e0, con una prospettiva di futuro<\/p>\n\n\n\n<p>Don Giuseppe Dossetti ha accolto il Prefetto che \u00e8 stato accompagnato, assieme al vice presidente Antonio Lanzoni, Monica Veroni responsabile primi colloqui e accesso ai servizi, Paolo Burani responsabile relazioni esterne, Ramona Viziteu operatrice comunit\u00e0 minori e Anna Fontana della Fondazione Solidariet\u00e0 Reggiana,&nbsp; in una visita alla sede centrale di via Codro.<\/p>\n\n\n\n<p>Terminata la visita al Centro, si \u00e8 tenuto un incontro con operatori, ospiti della Comunit\u00e0 terapeutica Bellarosa e genitori di ragazzi tossicodipendenti o ex tossicodipendenti<\/p>\n\n\n\n<p><em>\u201cLa visita del Prefetto \u00e8 significativa in quanto aggiunge importanza al nostro lavoro, proprio prima della giornata internazionale contro il traffico e l\u2019abuso di sostanze stupefacenti. Non si tratta della solita visita ad una comunit\u00e0 perch\u00e9 il Centro non \u00e8 una comunit\u00e0 ma una famiglia. La dipendenza \u00e8 una grande sofferenza per tutto il sistema che gira attorno al dipendente e alla sua famiglia<\/em>\u201d l\u2019intervento di Don Dossetti \u201c<em>&nbsp;I genitori di figli con dipendenza spesso sono stigmatizzati dalla societ\u00e0 e vivono profondi sensi di colpa. Quello che facciamo al Centro non \u00e8 solo aiutare i ragazzi e le ragazze, ma lavoriamo in modo parallelo con programmi di accompagnamento per i genitori.\u201d<\/em><\/p>\n\n\n\n<p>Particolarmente toccanti e importanti le testimonianze di genitori che hanno avuto figli assistiti dal Centro e, grazie al percorso di accompagnamento, ora sono diventati volontari, cos\u00ec come il racconto di due ragazzi e una ragazza ospiti della Comunit\u00e0 Bellarosa<\/p>\n\n\n\n<p>Il Prefetto Rolli ha confermato il valore sociale dei progetti di assistenza e recupero del Centro, soffermandosi in modo particolare all\u2019attenzione rivolta anche ai genitori e alla prevenzione.<\/p>\n\n\n\n<p>\u201c<em>E\u2019 un incontro importante questo di\u00a0<a>oggi<\/a>\u00a0al Ceis perch\u00e9, per svolgere al meglio la nostra attivit\u00e0, dobbiamo conoscere tutte le realt\u00e0 presenti sul territorio. Occorre sinergia, far conoscere e mettere in rete le attivit\u00e0 che aiutano ad uscire dalle dipendenze<\/em>\u201d il Prefetto Rolli dopo avere ascoltato l\u2019apertura di Don Dossetti e le varie testimonianze\u00a0<em>\u201cE\u2019 fondamentale la prevenzione e la comunicazione. Dobbiamo parlarne, confrontarci e aiutare a leggere e interpretare i tanti e differenti segnali di disagio. Intercettare le problematiche e prevenire l\u2019acutizzarsi di situazioni che possono portare a risvolti drammatici\u201d<\/em><\/p>\n\n\n\n<figure class=\"wp-block-gallery columns-3 is-cropped\"><ul class=\"blocks-gallery-grid\"><li class=\"blocks-gallery-item\"><figure><img loading=\"lazy\" width=\"854\" height=\"1024\" src=\"https:\/\/www.solidarieta.re.it\/wp-content\/uploads\/2021\/06\/PREFETTO-E-DON-DOSSETTI-IN-VISITA-AL-CENTRO-1-854x1024.jpeg\" alt=\"\" data-id=\"2707\" data-full-url=\"https:\/\/www.solidarieta.re.it\/wp-content\/uploads\/2021\/06\/PREFETTO-E-DON-DOSSETTI-IN-VISITA-AL-CENTRO-1-scaled.jpeg\" data-link=\"https:\/\/www.solidarieta.re.it\/index.php\/eventi\/prefetto-e-don-dossetti-in-visita-al-centro-1\/\" class=\"wp-image-2707\" srcset=\"https:\/\/www.solidarieta.re.it\/wp-content\/uploads\/2021\/06\/PREFETTO-E-DON-DOSSETTI-IN-VISITA-AL-CENTRO-1-854x1024.jpeg 854w, https:\/\/www.solidarieta.re.it\/wp-content\/uploads\/2021\/06\/PREFETTO-E-DON-DOSSETTI-IN-VISITA-AL-CENTRO-1-250x300.jpeg 250w, https:\/\/www.solidarieta.re.it\/wp-content\/uploads\/2021\/06\/PREFETTO-E-DON-DOSSETTI-IN-VISITA-AL-CENTRO-1-768x921.jpeg 768w, https:\/\/www.solidarieta.re.it\/wp-content\/uploads\/2021\/06\/PREFETTO-E-DON-DOSSETTI-IN-VISITA-AL-CENTRO-1-1280x1536.jpeg 1280w, https:\/\/www.solidarieta.re.it\/wp-content\/uploads\/2021\/06\/PREFETTO-E-DON-DOSSETTI-IN-VISITA-AL-CENTRO-1-1707x2048.jpeg 1707w\" sizes=\"(max-width: 854px) 100vw, 854px\" \/><\/figure><\/li><li class=\"blocks-gallery-item\"><figure><img loading=\"lazy\" width=\"910\" height=\"1024\" src=\"https:\/\/www.solidarieta.re.it\/wp-content\/uploads\/2021\/06\/PREFETTO-E-DON-DOSSETTI-IN-VISITA-AL-CENTRO--910x1024.jpeg\" alt=\"\" data-id=\"2708\" data-full-url=\"https:\/\/www.solidarieta.re.it\/wp-content\/uploads\/2021\/06\/PREFETTO-E-DON-DOSSETTI-IN-VISITA-AL-CENTRO--scaled.jpeg\" data-link=\"https:\/\/www.solidarieta.re.it\/index.php\/eventi\/prefetto-e-don-dossetti-in-visita-al-centro\/\" class=\"wp-image-2708\" srcset=\"https:\/\/www.solidarieta.re.it\/wp-content\/uploads\/2021\/06\/PREFETTO-E-DON-DOSSETTI-IN-VISITA-AL-CENTRO--910x1024.jpeg 910w, https:\/\/www.solidarieta.re.it\/wp-content\/uploads\/2021\/06\/PREFETTO-E-DON-DOSSETTI-IN-VISITA-AL-CENTRO--267x300.jpeg 267w, https:\/\/www.solidarieta.re.it\/wp-content\/uploads\/2021\/06\/PREFETTO-E-DON-DOSSETTI-IN-VISITA-AL-CENTRO--768x864.jpeg 768w, https:\/\/www.solidarieta.re.it\/wp-content\/uploads\/2021\/06\/PREFETTO-E-DON-DOSSETTI-IN-VISITA-AL-CENTRO--1366x1536.jpeg 1366w, https:\/\/www.solidarieta.re.it\/wp-content\/uploads\/2021\/06\/PREFETTO-E-DON-DOSSETTI-IN-VISITA-AL-CENTRO--1821x2048.jpeg 1821w\" sizes=\"(max-width: 910px) 100vw, 910px\" \/><\/figure><\/li><li class=\"blocks-gallery-item\"><figure><img loading=\"lazy\" width=\"1024\" height=\"711\" src=\"https:\/\/www.solidarieta.re.it\/wp-content\/uploads\/2021\/06\/OPERATORI-E-RESPONSABILI--1024x711.jpeg\" alt=\"\" data-id=\"2709\" data-full-url=\"https:\/\/www.solidarieta.re.it\/wp-content\/uploads\/2021\/06\/OPERATORI-E-RESPONSABILI--scaled.jpeg\" data-link=\"https:\/\/www.solidarieta.re.it\/index.php\/eventi\/operatori-e-responsabili\/\" class=\"wp-image-2709\" srcset=\"https:\/\/www.solidarieta.re.it\/wp-content\/uploads\/2021\/06\/OPERATORI-E-RESPONSABILI--1024x711.jpeg 1024w, https:\/\/www.solidarieta.re.it\/wp-content\/uploads\/2021\/06\/OPERATORI-E-RESPONSABILI--300x208.jpeg 300w, https:\/\/www.solidarieta.re.it\/wp-content\/uploads\/2021\/06\/OPERATORI-E-RESPONSABILI--768x533.jpeg 768w, https:\/\/www.solidarieta.re.it\/wp-content\/uploads\/2021\/06\/OPERATORI-E-RESPONSABILI--1536x1066.jpeg 1536w, https:\/\/www.solidarieta.re.it\/wp-content\/uploads\/2021\/06\/OPERATORI-E-RESPONSABILI--2048x1421.jpeg 2048w\" sizes=\"(max-width: 1024px) 100vw, 1024px\" \/><\/figure><\/li><li class=\"blocks-gallery-item\"><figure><img loading=\"lazy\" width=\"1024\" height=\"768\" src=\"https:\/\/www.solidarieta.re.it\/wp-content\/uploads\/2021\/06\/INTERVENTO-PREFETTO-1024x768.jpeg\" alt=\"\" data-id=\"2710\" data-full-url=\"https:\/\/www.solidarieta.re.it\/wp-content\/uploads\/2021\/06\/INTERVENTO-PREFETTO-scaled.jpeg\" data-link=\"https:\/\/www.solidarieta.re.it\/index.php\/eventi\/intervento-prefetto\/\" class=\"wp-image-2710\" srcset=\"https:\/\/www.solidarieta.re.it\/wp-content\/uploads\/2021\/06\/INTERVENTO-PREFETTO-1024x768.jpeg 1024w, https:\/\/www.solidarieta.re.it\/wp-content\/uploads\/2021\/06\/INTERVENTO-PREFETTO-300x225.jpeg 300w, https:\/\/www.solidarieta.re.it\/wp-content\/uploads\/2021\/06\/INTERVENTO-PREFETTO-768x576.jpeg 768w, https:\/\/www.solidarieta.re.it\/wp-content\/uploads\/2021\/06\/INTERVENTO-PREFETTO-1536x1152.jpeg 1536w, https:\/\/www.solidarieta.re.it\/wp-content\/uploads\/2021\/06\/INTERVENTO-PREFETTO-2048x1536.jpeg 2048w\" sizes=\"(max-width: 1024px) 100vw, 1024px\" \/><\/figure><\/li><li class=\"blocks-gallery-item\"><figure><img loading=\"lazy\" width=\"1024\" height=\"768\" src=\"https:\/\/www.solidarieta.re.it\/wp-content\/uploads\/2021\/06\/INTERVENTO-DON-DOSSETTI--1024x768.jpeg\" alt=\"\" data-id=\"2711\" data-full-url=\"https:\/\/www.solidarieta.re.it\/wp-content\/uploads\/2021\/06\/INTERVENTO-DON-DOSSETTI--scaled.jpeg\" data-link=\"https:\/\/www.solidarieta.re.it\/index.php\/eventi\/intervento-don-dossetti\/\" class=\"wp-image-2711\" srcset=\"https:\/\/www.solidarieta.re.it\/wp-content\/uploads\/2021\/06\/INTERVENTO-DON-DOSSETTI--1024x768.jpeg 1024w, https:\/\/www.solidarieta.re.it\/wp-content\/uploads\/2021\/06\/INTERVENTO-DON-DOSSETTI--300x225.jpeg 300w, https:\/\/www.solidarieta.re.it\/wp-content\/uploads\/2021\/06\/INTERVENTO-DON-DOSSETTI--768x576.jpeg 768w, https:\/\/www.solidarieta.re.it\/wp-content\/uploads\/2021\/06\/INTERVENTO-DON-DOSSETTI--1536x1152.jpeg 1536w, https:\/\/www.solidarieta.re.it\/wp-content\/uploads\/2021\/06\/INTERVENTO-DON-DOSSETTI--2048x1536.jpeg 2048w\" sizes=\"(max-width: 1024px) 100vw, 1024px\" \/><\/figure><\/li><li class=\"blocks-gallery-item\"><figure><img loading=\"lazy\" width=\"1024\" height=\"621\" src=\"https:\/\/www.solidarieta.re.it\/wp-content\/uploads\/2021\/06\/INCONTRO--1024x621.jpeg\" alt=\"\" data-id=\"2712\" data-full-url=\"https:\/\/www.solidarieta.re.it\/wp-content\/uploads\/2021\/06\/INCONTRO--scaled.jpeg\" data-link=\"https:\/\/www.solidarieta.re.it\/index.php\/eventi\/incontro\/\" class=\"wp-image-2712\" srcset=\"https:\/\/www.solidarieta.re.it\/wp-content\/uploads\/2021\/06\/INCONTRO--1024x621.jpeg 1024w, https:\/\/www.solidarieta.re.it\/wp-content\/uploads\/2021\/06\/INCONTRO--300x182.jpeg 300w, https:\/\/www.solidarieta.re.it\/wp-content\/uploads\/2021\/06\/INCONTRO--768x466.jpeg 768w, https:\/\/www.solidarieta.re.it\/wp-content\/uploads\/2021\/06\/INCONTRO--1536x932.jpeg 1536w, https:\/\/www.solidarieta.re.it\/wp-content\/uploads\/2021\/06\/INCONTRO--2048x1242.jpeg 2048w\" sizes=\"(max-width: 1024px) 100vw, 1024px\" \/><\/figure><\/li><li class=\"blocks-gallery-item\"><figure><img loading=\"lazy\" width=\"1024\" height=\"977\" src=\"https:\/\/www.solidarieta.re.it\/wp-content\/uploads\/2021\/06\/DON-DOSSETTI-E-PREFETTO--1024x977.jpeg\" alt=\"\" data-id=\"2713\" data-full-url=\"https:\/\/www.solidarieta.re.it\/wp-content\/uploads\/2021\/06\/DON-DOSSETTI-E-PREFETTO--scaled.jpeg\" data-link=\"https:\/\/www.solidarieta.re.it\/index.php\/eventi\/don-dossetti-e-prefetto\/\" class=\"wp-image-2713\" srcset=\"https:\/\/www.solidarieta.re.it\/wp-content\/uploads\/2021\/06\/DON-DOSSETTI-E-PREFETTO--1024x977.jpeg 1024w, https:\/\/www.solidarieta.re.it\/wp-content\/uploads\/2021\/06\/DON-DOSSETTI-E-PREFETTO--300x286.jpeg 300w, https:\/\/www.solidarieta.re.it\/wp-content\/uploads\/2021\/06\/DON-DOSSETTI-E-PREFETTO--768x733.jpeg 768w, https:\/\/www.solidarieta.re.it\/wp-content\/uploads\/2021\/06\/DON-DOSSETTI-E-PREFETTO--1536x1465.jpeg 1536w, https:\/\/www.solidarieta.re.it\/wp-content\/uploads\/2021\/06\/DON-DOSSETTI-E-PREFETTO--2048x1954.jpeg 2048w\" sizes=\"(max-width: 1024px) 100vw, 1024px\" \/><\/figure><\/li><li class=\"blocks-gallery-item\"><figure><img loading=\"lazy\" width=\"970\" height=\"1024\" src=\"https:\/\/www.solidarieta.re.it\/wp-content\/uploads\/2021\/06\/CA2242E8-72D0-4AD0-A1F5-C245B6A85484-970x1024.jpeg\" alt=\"\" data-id=\"2714\" data-full-url=\"https:\/\/www.solidarieta.re.it\/wp-content\/uploads\/2021\/06\/CA2242E8-72D0-4AD0-A1F5-C245B6A85484-scaled.jpeg\" data-link=\"https:\/\/www.solidarieta.re.it\/index.php\/eventi\/ca2242e8-72d0-4ad0-a1f5-c245b6a85484\/\" class=\"wp-image-2714\" srcset=\"https:\/\/www.solidarieta.re.it\/wp-content\/uploads\/2021\/06\/CA2242E8-72D0-4AD0-A1F5-C245B6A85484-970x1024.jpeg 970w, https:\/\/www.solidarieta.re.it\/wp-content\/uploads\/2021\/06\/CA2242E8-72D0-4AD0-A1F5-C245B6A85484-284x300.jpeg 284w, https:\/\/www.solidarieta.re.it\/wp-content\/uploads\/2021\/06\/CA2242E8-72D0-4AD0-A1F5-C245B6A85484-768x811.jpeg 768w, https:\/\/www.solidarieta.re.it\/wp-content\/uploads\/2021\/06\/CA2242E8-72D0-4AD0-A1F5-C245B6A85484-1455x1536.jpeg 1455w, https:\/\/www.solidarieta.re.it\/wp-content\/uploads\/2021\/06\/CA2242E8-72D0-4AD0-A1F5-C245B6A85484-1940x2048.jpeg 1940w\" sizes=\"(max-width: 970px) 100vw, 970px\" \/><\/figure><\/li><li class=\"blocks-gallery-item\"><figure><img loading=\"lazy\" width=\"1024\" height=\"556\" src=\"https:\/\/www.solidarieta.re.it\/wp-content\/uploads\/2021\/06\/B3BEFD1A-73C7-4189-8940-25237D2E6707-1024x556.jpeg\" alt=\"\" data-id=\"2715\" data-full-url=\"https:\/\/www.solidarieta.re.it\/wp-content\/uploads\/2021\/06\/B3BEFD1A-73C7-4189-8940-25237D2E6707-scaled.jpeg\" data-link=\"https:\/\/www.solidarieta.re.it\/index.php\/eventi\/b3befd1a-73c7-4189-8940-25237d2e6707\/\" class=\"wp-image-2715\" srcset=\"https:\/\/www.solidarieta.re.it\/wp-content\/uploads\/2021\/06\/B3BEFD1A-73C7-4189-8940-25237D2E6707-1024x556.jpeg 1024w, https:\/\/www.solidarieta.re.it\/wp-content\/uploads\/2021\/06\/B3BEFD1A-73C7-4189-8940-25237D2E6707-300x163.jpeg 300w, https:\/\/www.solidarieta.re.it\/wp-content\/uploads\/2021\/06\/B3BEFD1A-73C7-4189-8940-25237D2E6707-768x417.jpeg 768w, https:\/\/www.solidarieta.re.it\/wp-content\/uploads\/2021\/06\/B3BEFD1A-73C7-4189-8940-25237D2E6707-1536x834.jpeg 1536w, https:\/\/www.solidarieta.re.it\/wp-content\/uploads\/2021\/06\/B3BEFD1A-73C7-4189-8940-25237D2E6707-2048x1112.jpeg 2048w\" sizes=\"(max-width: 1024px) 100vw, 1024px\" \/><\/figure><\/li><li class=\"blocks-gallery-item\"><figure><img loading=\"lazy\" width=\"1024\" height=\"675\" src=\"https:\/\/www.solidarieta.re.it\/wp-content\/uploads\/2021\/06\/ARRIVO-AL-CEIS--1024x675.jpeg\" alt=\"\" data-id=\"2716\" data-full-url=\"https:\/\/www.solidarieta.re.it\/wp-content\/uploads\/2021\/06\/ARRIVO-AL-CEIS--scaled.jpeg\" data-link=\"https:\/\/www.solidarieta.re.it\/index.php\/eventi\/arrivo-al-ceis\/\" class=\"wp-image-2716\" srcset=\"https:\/\/www.solidarieta.re.it\/wp-content\/uploads\/2021\/06\/ARRIVO-AL-CEIS--1024x675.jpeg 1024w, https:\/\/www.solidarieta.re.it\/wp-content\/uploads\/2021\/06\/ARRIVO-AL-CEIS--300x198.jpeg 300w, https:\/\/www.solidarieta.re.it\/wp-content\/uploads\/2021\/06\/ARRIVO-AL-CEIS--768x506.jpeg 768w, https:\/\/www.solidarieta.re.it\/wp-content\/uploads\/2021\/06\/ARRIVO-AL-CEIS--1536x1012.jpeg 1536w, https:\/\/www.solidarieta.re.it\/wp-content\/uploads\/2021\/06\/ARRIVO-AL-CEIS--2048x1349.jpeg 2048w\" sizes=\"(max-width: 1024px) 100vw, 1024px\" \/><\/figure><\/li><li class=\"blocks-gallery-item\"><figure><img loading=\"lazy\" width=\"933\" height=\"1024\" src=\"https:\/\/www.solidarieta.re.it\/wp-content\/uploads\/2021\/06\/A--933x1024.jpeg\" alt=\"\" data-id=\"2717\" data-full-url=\"https:\/\/www.solidarieta.re.it\/wp-content\/uploads\/2021\/06\/A--scaled.jpeg\" data-link=\"https:\/\/www.solidarieta.re.it\/index.php\/eventi\/a\/\" class=\"wp-image-2717\" srcset=\"https:\/\/www.solidarieta.re.it\/wp-content\/uploads\/2021\/06\/A--933x1024.jpeg 933w, https:\/\/www.solidarieta.re.it\/wp-content\/uploads\/2021\/06\/A--273x300.jpeg 273w, https:\/\/www.solidarieta.re.it\/wp-content\/uploads\/2021\/06\/A--768x843.jpeg 768w, https:\/\/www.solidarieta.re.it\/wp-content\/uploads\/2021\/06\/A--1399x1536.jpeg 1399w, https:\/\/www.solidarieta.re.it\/wp-content\/uploads\/2021\/06\/A--1866x2048.jpeg 1866w\" sizes=\"(max-width: 933px) 100vw, 933px\" \/><\/figure><\/li><\/ul><\/figure>\n\n\n\n<p><\/p>\n\n\n\n<h4><strong>\u201cDirette a far volontariato\u201d<\/strong> &#8211; 12 e 19 Maggio 2021<\/h4>\n\n\n\n<p><strong>\u201cDirette a far volontariato\u201d<\/strong>: partono gli incontri per conoscere le esperienze reggiane. Due dirette facebook il 12 e il 19 Maggio per parlare di ambiente e di compiti online. Incontri dedicati alle esperienze reggiane nella cura e nella pulizia del territorio e nel sostegno alle famiglie nei mesi della didattica a distanza obbligata.<br>Mercoled\u00ec 19 Maggio, dalle ore 18 alle 19, si parler\u00e0 di un tema di grande attualit\u00e0: il sostegno allo studio, diventato cruciale nel periodo della didattica a distanza.<br><strong>&#8220;Volontariato online? Si pu\u00f2 fare!&#8221;<\/strong> \u00e8 il titolo della diretta che vedr\u00e0 la presenza della nostra operatrice Cosetta Romani, che ha seguito diversi progetti legati all&#8217;aiuto digitale per i compiti, e due tutor dell&#8217;InfoGiovani del Comune di Reggio Emilia<br>Link per seguire la diretta:&nbsp;<a rel=\"noreferrer noopener\" href=\"https:\/\/www.facebook.com\/events\/2814815372115845\/\" target=\"_blank\"><strong>https:\/\/www.facebook.com\/events\/2814815372115845\/<\/strong><\/a><\/p>\n","protected":false},"excerpt":{"rendered":"<p>Il Prefetto Iolanda Rolli in visita al nostro Centro Alla vigilia della Giornata Internazionale contro l\u2019abuso e il traffico illecito di droga, promossa dall\u2019ONU, Il Prefetto di Reggio Emilia Dott.ssa Iolanda Rolli ha visitato il nostro Centro esprimendo particolare attenzione per i progetti legati alla tossicodipendenza, e al recupero degli ospiti e delle relazioni famigliari. [&hellip;]<\/p>\n","protected":false},"author":3,"featured_media":0,"parent":0,"menu_order":0,"comment_status":"closed","ping_status":"closed","template":"","meta":[],"_links":{"self":[{"href":"https:\/\/www.solidarieta.re.it\/index.php\/wp-json\/wp\/v2\/pages\/274"}],"collection":[{"href":"https:\/\/www.solidarieta.re.it\/index.php\/wp-json\/wp\/v2\/pages"}],"about":[{"href":"https:\/\/www.solidarieta.re.it\/index.php\/wp-json\/wp\/v2\/types\/page"}],"author":[{"embeddable":true,"href":"https:\/\/www.solidarieta.re.it\/index.php\/wp-json\/wp\/v2\/users\/3"}],"replies":[{"embeddable":true,"href":"https:\/\/www.solidarieta.re.it\/index.php\/wp-json\/wp\/v2\/comments?post=274"}],"version-history":[{"count":5,"href":"https:\/\/www.solidarieta.re.it\/index.php\/wp-json\/wp\/v2\/pages\/274\/revisions"}],"predecessor-version":[{"id":2718,"href":"https:\/\/www.solidarieta.re.it\/index.php\/wp-json\/wp\/v2\/pages\/274\/revisions\/2718"}],"wp:attachment":[{"href":"https:\/\/www.solidarieta.re.it\/index.php\/wp-json\/wp\/v2\/media?parent=274"}],"curies":[{"name":"wp","href":"https:\/\/api.w.org\/{rel}","templated":true}]}}