{"id":239,"date":"2020-11-30T07:38:53","date_gmt":"2020-11-30T06:38:53","guid":{"rendered":"http:\/\/www.ceisreggio.it\/?page_id=239"},"modified":"2025-07-11T13:55:14","modified_gmt":"2025-07-11T11:55:14","slug":"area-dipendenze","status":"publish","type":"page","link":"https:\/\/www.solidarieta.re.it\/index.php\/area-dipendenze\/","title":{"rendered":"Tossicodipendenza"},"content":{"rendered":"\n<p><strong>ATTIVITA\u2019 RESIDENZIALI<\/strong><\/p>\n\n\n\n<p>Il Centro di Solidariet\u00e0 di Reggio Emilia gestisce strutture residenziali accreditate dalla Regione Emilia-Romagna:<\/p>\n\n\n\n<ul><li><strong>COD Centro Osservazione Diagnosi \u201cCasa San Giuseppe\u201d<\/strong>: Centro di Osservazioni e Diagnosi, via Riccioni 4, Reggio Emilia;<\/li><li><strong>Comunit\u00e0 Terapeutica \u201cBellarosa\u201d<\/strong>: incentrata su un programma di recupero e riabilitazione \u201cdrugfree\u201d, integra elementi educativi e psicoterapeutici, con la ricognizione delle risorse sociali della persona in ordine a un suo inserimento. Via Riccioni 4, Reggio Emilia.<\/li><li><strong>Comunit\u00e0 Terapeutica<\/strong>: \u00e8 una struttura accreditata per 8 posti residenziali e 20 semi-residenziali. Accoglie persone con problemi di dipendenza e compromissioni psico-fisiche, per le quali si propone un percorso di accoglienza diurna e reinserimento sociale lento e graduale oltre che offrire, sempre nell&#8217;ottica di continuit\u00e0 di cure, percorsi individualizzati rivolti a persone che necessitano di accompagnamenti per il raggiungimento delle autonomie possibili. Via Codro 1\/1, Reggio Emilia.<\/li><li><strong>Comunit\u00e0 Diurna<\/strong>, 20 posti, via Codro 1\/1, Reggio Emilia.<\/li><\/ul>\n\n\n\n<p><strong>ATTIVITA\u2019 RESIDENZIALI DI SUPPORTO<\/strong><\/p>\n\n\n\n<p><ul><li>5 Appartamenti tutti a Reggio Emilia<\/li><\/ul><\/p>\n\n\n\n<p><strong>ATTIVITA\u2019 NON RESIDENZIALI SVOLTE PRESSO LA SEDE &#8220;CASA APERTA<\/strong>&#8220;<\/p>\n\n\n\n<p>In collaborazione con l\u2019Azienda Sanitaria Locale, il Centro ha sviluppato dei percorsi non residenziali con i seguenti obiettivi: motivazione al trattamento, accompagnamento\/reinserimento, prevenzione delle ricadute.<\/p>\n\n\n\n<p>Si collocano in quest\u2019area:<\/p>\n\n\n\n<ul><li><strong>Primi colloqui<\/strong>: colloqui di accesso a tutti i servizi erogati dal Centro.<\/li><li><strong>Programma No Cocaine<\/strong>: pensato e costruito per consumatori di cocaina, garantisce un\u2019ampia flessibilit\u00e0 nell\u2019erogazione delle prestazioni.<\/li><li><strong>Programma \u201cHappy Hour\u201d:<\/strong> pensato e costruito per giovanissimi, che hanno sviluppato problematiche d\u2019abuso, ma che continuano ad avere un buon contesto sociale, famigliare, amicale e scolastico.<\/li><li><strong>GDA Gruppo Dipendenti Anonimi<\/strong>, percorso di recupero dalle dipendenze attraverso la metodica dei 12 passi: \u00e8 un gruppo di supporto per chi ha concluso il programma, ma ritiene di essere esposto a ricaduta.<\/li><li><strong>Accoglienza<\/strong>: prevede anzitutto una porta d\u2019accesso libera, per chiunque voglia informazioni e chieda aiuto. Si tratta del Primo Incontro, che si tiene ogni mercoled\u00ec sera dalle 20:30 alle 22:30 nella sede del Centro.<\/li><li><strong>Gruppi di Auto-aiuto<\/strong>: gruppi serali per famigliari, in collaborazione con l\u2019Azienda Sanitaria locale. Le attivit\u00e0 si svolgono tutti i mercoled\u00ec sera con la collaborazione di genitori che hanno gi\u00e0 affrontato il programma offerto dal Centro.<\/li><li>Colloqui e Gruppi di <strong>Coinvolgimento Famigliare Parallelo<\/strong>, guidati da operatori esperti del Centro.<\/li><\/ul>\n\n\n\n<p><strong>SERVIZI TRASVERSALI<\/strong><\/p>\n\n\n\n<ul><li><strong>Servizio Medico<\/strong>: coordina tutti gli aspetti sanitari delle persone inserite nelle nostre strutture (ginecologo, tossicologo, psicologa clinica, infettivologo, neurologo).<\/li><li><strong>Servizio Legale<\/strong>: attraverso consulenti esterni.<\/li><\/ul>\n\n\n\n<p><strong>AREA SOCIO SANITARIA<\/strong><\/p>\n\n\n\n<p><ul><li><strong>Casa Flora<\/strong>: \u00e8 una Casa Alloggio rivolta a persone con patologie correlate all&#8217;AIDS e ad altre malattie inabilitanti, convenzionata con il SSN.&nbsp; L\u2019obiettivo \u00e8 di offrire una struttura a carattere familiare che permetta alle persone di sentirsi accolte nella sua globalit\u00e0, offrendo percorsi assistenziali socio-sanitari che si esplicano nella facilitazione all&#8217;accesso alle cure, alla continuit\u00e0 e all&#8217;integrazione dei trattamenti.<br>E&#8217; composta da una struttura residenziale che pu\u00f2 ospitare fino a 10 ospiti e da un Centro Diurno che pu\u00f2 ospitare fino a 6 ospiti.&nbsp;Via Codro 1\/1, Reggio Emilia.<\/li><\/ul><\/p>\n\n\n\n<p>Per poter iniziare un percorso all&#8217;interno del Centro di Solidariet\u00e0 di Reggio Emilia \u00e8 possibile partecipare liberamente ad un <strong>Primo Incontro<\/strong> che si tiene presso la sede centrale in via Antonio Urceo Codro, 1\/1 a Reggio Emilia <strong>ogni Mercoled\u00ec dalle 20:30 alle 22:30.<\/strong><\/p>\n\n\n\n<p>E&#8217; anche possibile richiedere un incontro compilando e inviando il modulo <a href=\"\/index.php\/richiedi-un-colloquio\/\"><strong>Richiedi un Colloquio<\/strong><\/a><\/p>\n\n\n\n<p>Centro di Solidariet\u00e0 di Reggio Emilia &#8211; via Codro 1\/1<br>42123 Reggio Emilia<br>tel. <strong>0522 451800<\/strong><\/p>\n","protected":false},"excerpt":{"rendered":"<p>ATTIVITA\u2019 RESIDENZIALI Il Centro di Solidariet\u00e0 di Reggio Emilia gestisce strutture residenziali accreditate dalla Regione Emilia-Romagna: COD Centro Osservazione Diagnosi \u201cCasa San Giuseppe\u201d: Centro di Osservazioni e Diagnosi, via Riccioni 4, Reggio Emilia; Comunit\u00e0 Terapeutica \u201cBellarosa\u201d: incentrata su un programma di recupero e riabilitazione \u201cdrugfree\u201d, integra elementi educativi e psicoterapeutici, con la ricognizione delle risorse [&hellip;]<\/p>\n","protected":false},"author":3,"featured_media":100,"parent":0,"menu_order":0,"comment_status":"closed","ping_status":"closed","template":"","meta":[],"_links":{"self":[{"href":"https:\/\/www.solidarieta.re.it\/index.php\/wp-json\/wp\/v2\/pages\/239"}],"collection":[{"href":"https:\/\/www.solidarieta.re.it\/index.php\/wp-json\/wp\/v2\/pages"}],"about":[{"href":"https:\/\/www.solidarieta.re.it\/index.php\/wp-json\/wp\/v2\/types\/page"}],"author":[{"embeddable":true,"href":"https:\/\/www.solidarieta.re.it\/index.php\/wp-json\/wp\/v2\/users\/3"}],"replies":[{"embeddable":true,"href":"https:\/\/www.solidarieta.re.it\/index.php\/wp-json\/wp\/v2\/comments?post=239"}],"version-history":[{"count":27,"href":"https:\/\/www.solidarieta.re.it\/index.php\/wp-json\/wp\/v2\/pages\/239\/revisions"}],"predecessor-version":[{"id":3587,"href":"https:\/\/www.solidarieta.re.it\/index.php\/wp-json\/wp\/v2\/pages\/239\/revisions\/3587"}],"wp:featuredmedia":[{"embeddable":true,"href":"https:\/\/www.solidarieta.re.it\/index.php\/wp-json\/wp\/v2\/media\/100"}],"wp:attachment":[{"href":"https:\/\/www.solidarieta.re.it\/index.php\/wp-json\/wp\/v2\/media?parent=239"}],"curies":[{"name":"wp","href":"https:\/\/api.w.org\/{rel}","templated":true}]}}