{"id":1005,"date":"2020-12-09T05:12:25","date_gmt":"2020-12-09T04:12:25","guid":{"rendered":"http:\/\/www.ceisreggio.it\/?page_id=1005"},"modified":"2022-03-03T13:06:32","modified_gmt":"2022-03-03T12:06:32","slug":"scuola-san-pellegrino","status":"publish","type":"page","link":"https:\/\/www.solidarieta.re.it\/index.php\/scuola-san-pellegrino\/","title":{"rendered":"Scuola dell&#8217;Infanzia &#8220;San Pellegrino&#8221;"},"content":{"rendered":"\n<blockquote class=\"wp-block-quote\"><p><strong><span class=\"has-inline-color has-colibri-color-1-color\">23\/8\/2021 &#8211; Pubblicazione ai sensi del DL n. 73\/2021 (Decreto Sostegni-bis) convertito con modificazioni dalla Legge n. 106\/2021, recante \u201cMisure urgenti connesse all&#8217;emergenza da COVID-19, per le imprese, il lavoro, i giovani, la salute e i servizi territoriali\u201d. <a rel=\"noreferrer noopener\" href=\"https:\/\/www.solidarieta.re.it\/wp-content\/uploads\/2021\/11\/sostegni-dl.pdf\" target=\"_blank\">Per scaricare la scheda utilizzare questo link<\/a><\/span><\/strong><\/p><\/blockquote>\n\n\n\n<p>La scuola nacque nel 1934 come struttura per bambini in et\u00e0 prescolare, per andare incontro alle esigenze di tante famiglie con difficolt\u00e0 economiche.<br>Durante il periodo bellico divent\u00f2 infermeria per militari e ammalati.<\/p>\n\n\n\n<p>La presenza dei bambini riprese con l\u2019arrivo delle Suore della Congregazione delle Figlie di Ges\u00f9.<br>Dal 1997 il personale \u00e8 diventato completamente laico.<\/p>\n\n\n\n<p>L\u2019edificio \u00e8 di propriet\u00e0 del Comune ma la gestione \u00e8 affidata alla parrocchia di S. Pellegrino.<br>La scuola aderisce alla FISM e si avvale per le assunzioni del contratto nazionale FISM<\/p>\n\n\n\n<figure class=\"wp-block-gallery columns-3 is-cropped\"><ul class=\"blocks-gallery-grid\"><li class=\"blocks-gallery-item\"><figure><img loading=\"lazy\" width=\"956\" height=\"640\" src=\"https:\/\/www.ceisreggio.it\/wp-content\/uploads\/2020\/12\/1.png\" alt=\"\" data-id=\"1049\" data-full-url=\"https:\/\/www.ceisreggio.it\/wp-content\/uploads\/2020\/12\/1.png\" data-link=\"https:\/\/www.ceisreggio.it\/index.php\/scuola-san-pellegrino\/attachment\/1\/\" class=\"wp-image-1049\" srcset=\"https:\/\/www.solidarieta.re.it\/wp-content\/uploads\/2020\/12\/1.png 956w, https:\/\/www.solidarieta.re.it\/wp-content\/uploads\/2020\/12\/1-300x201.png 300w, https:\/\/www.solidarieta.re.it\/wp-content\/uploads\/2020\/12\/1-768x514.png 768w\" sizes=\"(max-width: 956px) 100vw, 956px\" \/><\/figure><\/li><li class=\"blocks-gallery-item\"><figure><img loading=\"lazy\" width=\"1024\" height=\"725\" src=\"https:\/\/www.ceisreggio.it\/wp-content\/uploads\/2020\/12\/2-1024x725.png\" alt=\"\" data-id=\"1050\" data-full-url=\"https:\/\/www.ceisreggio.it\/wp-content\/uploads\/2020\/12\/2.png\" data-link=\"https:\/\/www.ceisreggio.it\/index.php\/scuola-san-pellegrino\/attachment\/2\/\" class=\"wp-image-1050\" srcset=\"https:\/\/www.solidarieta.re.it\/wp-content\/uploads\/2020\/12\/2-1024x725.png 1024w, https:\/\/www.solidarieta.re.it\/wp-content\/uploads\/2020\/12\/2-300x213.png 300w, https:\/\/www.solidarieta.re.it\/wp-content\/uploads\/2020\/12\/2-768x544.png 768w, https:\/\/www.solidarieta.re.it\/wp-content\/uploads\/2020\/12\/2-1536x1088.png 1536w, https:\/\/www.solidarieta.re.it\/wp-content\/uploads\/2020\/12\/2.png 1759w\" sizes=\"(max-width: 1024px) 100vw, 1024px\" \/><\/figure><\/li><li class=\"blocks-gallery-item\"><figure><img loading=\"lazy\" width=\"1024\" height=\"768\" src=\"https:\/\/www.ceisreggio.it\/wp-content\/uploads\/2020\/12\/5-1024x768.png\" alt=\"\" data-id=\"1051\" data-full-url=\"https:\/\/www.ceisreggio.it\/wp-content\/uploads\/2020\/12\/5.png\" data-link=\"https:\/\/www.ceisreggio.it\/index.php\/scuola-san-pellegrino\/attachment\/5\/\" class=\"wp-image-1051\" srcset=\"https:\/\/www.solidarieta.re.it\/wp-content\/uploads\/2020\/12\/5-1024x768.png 1024w, https:\/\/www.solidarieta.re.it\/wp-content\/uploads\/2020\/12\/5-300x225.png 300w, https:\/\/www.solidarieta.re.it\/wp-content\/uploads\/2020\/12\/5-768x576.png 768w, https:\/\/www.solidarieta.re.it\/wp-content\/uploads\/2020\/12\/5.png 1399w\" sizes=\"(max-width: 1024px) 100vw, 1024px\" \/><\/figure><\/li><\/ul><\/figure>\n\n\n\n<p>L\u2019azione educativa prende forma nel concreto attraverso la progettazione:<\/p>\n\n\n\n<ul><li>della didattica<\/li><li>degli spazi-ambienti<\/li><li>della formazione del personale<\/li><li>della partecipazione delle famiglie e della realt\u00e0 locale<\/li><\/ul>\n\n\n\n<p>Riferimenti culturali e valori importanti:<\/p>\n\n\n\n<ul><li>centralit\u00e0 della persona, il bambino e la sua famiglia, come punto di partenza e di arrivo del nostro progettare<\/li><li>comunit\u00e0 educativa, luogo di incontro tra genitori e insegnanti: figure significative e stretti collaboratori<\/li><li>cittadinanza come riscoperta della storia, della cultura e dei nuovi progetti che caratterizzano il territorio dove viviamo ogni giorno<\/li><li>multiculturalit\u00e0 come novit\u00e0 di presenze da conoscere e valorizzare, stranieri come risorse<\/li><li>unit\u00e0 del sapere, mettere insieme antico e moderno, per non dimenticare<\/li><\/ul>\n\n\n\n<figure class=\"wp-block-gallery columns-3 is-cropped\"><ul class=\"blocks-gallery-grid\"><li class=\"blocks-gallery-item\"><figure><img loading=\"lazy\" width=\"1024\" height=\"771\" src=\"https:\/\/www.ceisreggio.it\/wp-content\/uploads\/2020\/12\/3-1024x771.jpg\" alt=\"\" data-id=\"1052\" data-full-url=\"https:\/\/www.ceisreggio.it\/wp-content\/uploads\/2020\/12\/3.jpg\" data-link=\"https:\/\/www.ceisreggio.it\/index.php\/scuola-san-pellegrino\/attachment\/3\/\" class=\"wp-image-1052\" srcset=\"https:\/\/www.solidarieta.re.it\/wp-content\/uploads\/2020\/12\/3-1024x771.jpg 1024w, https:\/\/www.solidarieta.re.it\/wp-content\/uploads\/2020\/12\/3-300x226.jpg 300w, https:\/\/www.solidarieta.re.it\/wp-content\/uploads\/2020\/12\/3-768x578.jpg 768w, https:\/\/www.solidarieta.re.it\/wp-content\/uploads\/2020\/12\/3-1536x1157.jpg 1536w, https:\/\/www.solidarieta.re.it\/wp-content\/uploads\/2020\/12\/3.jpg 1660w\" sizes=\"(max-width: 1024px) 100vw, 1024px\" \/><\/figure><\/li><li class=\"blocks-gallery-item\"><figure><img loading=\"lazy\" width=\"1024\" height=\"768\" src=\"https:\/\/www.ceisreggio.it\/wp-content\/uploads\/2020\/12\/4-1024x768.jpg\" alt=\"\" data-id=\"1053\" data-full-url=\"https:\/\/www.ceisreggio.it\/wp-content\/uploads\/2020\/12\/4.jpg\" data-link=\"https:\/\/www.ceisreggio.it\/index.php\/scuola-san-pellegrino\/attachment\/4\/\" class=\"wp-image-1053\" srcset=\"https:\/\/www.solidarieta.re.it\/wp-content\/uploads\/2020\/12\/4-1024x768.jpg 1024w, https:\/\/www.solidarieta.re.it\/wp-content\/uploads\/2020\/12\/4-300x225.jpg 300w, https:\/\/www.solidarieta.re.it\/wp-content\/uploads\/2020\/12\/4-768x576.jpg 768w, https:\/\/www.solidarieta.re.it\/wp-content\/uploads\/2020\/12\/4-1536x1152.jpg 1536w, https:\/\/www.solidarieta.re.it\/wp-content\/uploads\/2020\/12\/4-2048x1536.jpg 2048w\" sizes=\"(max-width: 1024px) 100vw, 1024px\" \/><\/figure><\/li><li class=\"blocks-gallery-item\"><figure><img loading=\"lazy\" width=\"743\" height=\"546\" src=\"https:\/\/www.ceisreggio.it\/wp-content\/uploads\/2020\/12\/Immagine7.png\" alt=\"\" data-id=\"1054\" data-full-url=\"https:\/\/www.ceisreggio.it\/wp-content\/uploads\/2020\/12\/Immagine7.png\" data-link=\"https:\/\/www.ceisreggio.it\/index.php\/scuola-san-pellegrino\/immagine7\/\" class=\"wp-image-1054\" srcset=\"https:\/\/www.solidarieta.re.it\/wp-content\/uploads\/2020\/12\/Immagine7.png 743w, https:\/\/www.solidarieta.re.it\/wp-content\/uploads\/2020\/12\/Immagine7-300x220.png 300w\" sizes=\"(max-width: 743px) 100vw, 743px\" \/><\/figure><\/li><\/ul><\/figure>\n\n\n\n<p>Impegno comune di tutto il personale presente nella scuola, \u00e8 la formazione permanente per approfondire tematiche pedagogiche, educative, didattiche e organizzative, attraverso corsi e convegni.<\/p>\n\n\n\n<p>La sicurezza degli ambienti, del personale e dei bambini \u00e8 curata da una ditta esterna specializzata nel settore.<\/p>\n\n\n\n<figure class=\"wp-block-gallery columns-3 is-cropped\"><ul class=\"blocks-gallery-grid\"><li class=\"blocks-gallery-item\"><figure><img loading=\"lazy\" width=\"641\" height=\"512\" src=\"https:\/\/www.ceisreggio.it\/wp-content\/uploads\/2020\/12\/Immagine10.png\" alt=\"\" data-id=\"1055\" data-full-url=\"https:\/\/www.ceisreggio.it\/wp-content\/uploads\/2020\/12\/Immagine10.png\" data-link=\"https:\/\/www.ceisreggio.it\/index.php\/scuola-san-pellegrino\/immagine10\/\" class=\"wp-image-1055\" srcset=\"https:\/\/www.solidarieta.re.it\/wp-content\/uploads\/2020\/12\/Immagine10.png 641w, https:\/\/www.solidarieta.re.it\/wp-content\/uploads\/2020\/12\/Immagine10-300x240.png 300w\" sizes=\"(max-width: 641px) 100vw, 641px\" \/><\/figure><\/li><li class=\"blocks-gallery-item\"><figure><img loading=\"lazy\" width=\"1024\" height=\"768\" src=\"https:\/\/www.ceisreggio.it\/wp-content\/uploads\/2020\/12\/Immagine11-1024x768.png\" alt=\"\" data-id=\"1056\" data-full-url=\"https:\/\/www.ceisreggio.it\/wp-content\/uploads\/2020\/12\/Immagine11.png\" data-link=\"https:\/\/www.ceisreggio.it\/index.php\/scuola-san-pellegrino\/immagine11\/\" class=\"wp-image-1056\" srcset=\"https:\/\/www.solidarieta.re.it\/wp-content\/uploads\/2020\/12\/Immagine11-1024x768.png 1024w, https:\/\/www.solidarieta.re.it\/wp-content\/uploads\/2020\/12\/Immagine11-300x225.png 300w, https:\/\/www.solidarieta.re.it\/wp-content\/uploads\/2020\/12\/Immagine11-768x576.png 768w, https:\/\/www.solidarieta.re.it\/wp-content\/uploads\/2020\/12\/Immagine11.png 1422w\" sizes=\"(max-width: 1024px) 100vw, 1024px\" \/><\/figure><\/li><li class=\"blocks-gallery-item\"><figure><img loading=\"lazy\" width=\"1024\" height=\"710\" src=\"https:\/\/www.ceisreggio.it\/wp-content\/uploads\/2020\/12\/Immagine12-1024x710.png\" alt=\"\" data-id=\"1057\" data-full-url=\"https:\/\/www.ceisreggio.it\/wp-content\/uploads\/2020\/12\/Immagine12.png\" data-link=\"https:\/\/www.ceisreggio.it\/index.php\/scuola-san-pellegrino\/immagine12\/\" class=\"wp-image-1057\" srcset=\"https:\/\/www.solidarieta.re.it\/wp-content\/uploads\/2020\/12\/Immagine12-1024x710.png 1024w, https:\/\/www.solidarieta.re.it\/wp-content\/uploads\/2020\/12\/Immagine12-300x208.png 300w, https:\/\/www.solidarieta.re.it\/wp-content\/uploads\/2020\/12\/Immagine12-768x533.png 768w, https:\/\/www.solidarieta.re.it\/wp-content\/uploads\/2020\/12\/Immagine12-1536x1066.png 1536w, https:\/\/www.solidarieta.re.it\/wp-content\/uploads\/2020\/12\/Immagine12.png 1708w\" sizes=\"(max-width: 1024px) 100vw, 1024px\" \/><\/figure><\/li><\/ul><\/figure>\n\n\n\n<p><strong>Riferimenti<\/strong>:<br>SCUOLA DELL\u2019INFANZIA \u201cSAN PELLEGRINO\u201c <br>VIA TASSONI 1 RE<br>Tel <strong>0522 282304<\/strong><br>E-mail <a href=\"mailto:scuolasanpellegrino@libero.it\"><strong>scuolasanpellegrino@solidarieta.re.it<\/strong><\/a><br>Instagram: <em><strong>scuolasanpelle20<\/strong><\/em><\/p>\n\n\n\n<p><strong>Informazioni<\/strong>:<br>L\u2019edificio \u00e8 situato in via Tassoni 1 nel parco di fronte alla chiesa, pu\u00f2 accogliere un massimo di 150 bambini in et\u00e0 compresa tra i 18 mesi e i 6 anni, suddivisi attualmente in 6 sezioni:<br>&#8211; una sezione nido-Primavera<br>&#8211; cinque sezioni di Scuola dell\u2019infanzia.<br>Guidati da una precisa scelta pedagogica, i gruppi sezione vengono formati per et\u00e0 omogenea o misti.<\/p>\n\n\n\n<p><strong><em>Funzionamento della scuola<\/em><\/strong><br>Apertura:<br>&#8211; dal 1\u00b0 settembre al 30 giugno<br>&#8211; nel mese di luglio si effettua un servizio estivo.<br>(tempi e costi vengono comunicati nel mese di marzo)<\/p>\n\n\n\n<p>Orario giornaliero:<br>&#8211; tempo pieno dalle 7,30 alle 16,00<br>&#8211; tempo prolungato dalle 16,00 alle 18,30<br>uscita:<br>&#8211; dalle 12,15 alle 13,00<br>&#8211; dalle 15,30 alle 16,00.<\/p>\n\n\n\n<p>Iscrizioni:<br>&#8211; \u00e8 possibile iscriversi nel mese di gennaio fino ad esurimento posti<br>&#8211; dal luned\u00ec al venerd\u00ec dalle 8,00 alle 13,00<br>&#8211; durante le giornate di \u201cScuola Aperta\u201d \u2013 in periodo di Covid visite guidate su appuntamento<\/p>\n\n\n\n<p>I moduli per l\u2019iscrizione vengono spediti via mail oppure si possono ritirare presso la segreteria della scuola durante l\u2019orario di apertura.<\/p>\n\n\n\n<p><strong><em>TEMPO LUNGO<\/em><\/strong><\/p>\n\n\n\n<p>Il servizio di tempo prolungato viene organizzato come \u201ctempo scuola\u201d e accoglie i bambini di diverse et\u00e0 che devono rimanere oltre l\u2019orario scolastico, dando un servizio di qualit\u00e0, con un insegnante qualificata che continua il progetto educativo che la scuola ha previsto per l\u2019anno scolastico in corso.<\/p>\n\n\n\n<h4>Bilancio 2020 del Centro di Solidariet\u00e0 di Reggio Emilia Onlus<\/h4>\n\n\n\n<p>Scarica il bilancio del Centro di Solidariet\u00e0 di Reggio Emilia Onlus relativo all&#8217;esercizio 2020 <a href=\"https:\/\/www.solidarieta.re.it\/wp-content\/uploads\/2021\/11\/bilancio-anno-2020.pdf\">cliccando su questo link<\/a>.<\/p>\n","protected":false},"excerpt":{"rendered":"<p>23\/8\/2021 &#8211; Pubblicazione ai sensi del DL n. 73\/2021 (Decreto Sostegni-bis) convertito con modificazioni dalla Legge n. 106\/2021, recante \u201cMisure urgenti connesse all&#8217;emergenza da COVID-19, per le imprese, il lavoro, i giovani, la salute e i servizi territoriali\u201d. Per scaricare la scheda utilizzare questo link La scuola nacque nel 1934 come struttura per bambini in [&hellip;]<\/p>\n","protected":false},"author":3,"featured_media":0,"parent":0,"menu_order":0,"comment_status":"closed","ping_status":"closed","template":"","meta":[],"_links":{"self":[{"href":"https:\/\/www.solidarieta.re.it\/index.php\/wp-json\/wp\/v2\/pages\/1005"}],"collection":[{"href":"https:\/\/www.solidarieta.re.it\/index.php\/wp-json\/wp\/v2\/pages"}],"about":[{"href":"https:\/\/www.solidarieta.re.it\/index.php\/wp-json\/wp\/v2\/types\/page"}],"author":[{"embeddable":true,"href":"https:\/\/www.solidarieta.re.it\/index.php\/wp-json\/wp\/v2\/users\/3"}],"replies":[{"embeddable":true,"href":"https:\/\/www.solidarieta.re.it\/index.php\/wp-json\/wp\/v2\/comments?post=1005"}],"version-history":[{"count":19,"href":"https:\/\/www.solidarieta.re.it\/index.php\/wp-json\/wp\/v2\/pages\/1005\/revisions"}],"predecessor-version":[{"id":2914,"href":"https:\/\/www.solidarieta.re.it\/index.php\/wp-json\/wp\/v2\/pages\/1005\/revisions\/2914"}],"wp:attachment":[{"href":"https:\/\/www.solidarieta.re.it\/index.php\/wp-json\/wp\/v2\/media?parent=1005"}],"curies":[{"name":"wp","href":"https:\/\/api.w.org\/{rel}","templated":true}]}}